{"id":14415,"date":"2026-03-20T00:36:44","date_gmt":"2026-03-20T00:36:44","guid":{"rendered":"https:\/\/xtreme4x4.pl\/produkt\/skladana-markiza-scianki-270-ofd-gen2\/"},"modified":"2026-04-16T11:23:54","modified_gmt":"2026-04-16T11:23:54","slug":"skladana-markiza-scianki-270-ofd-gen2","status":"publish","type":"product","link":"https:\/\/xtreme4x4.pl\/en\/product\/skladana-markiza-scianki-270-ofd-gen2\/","title":{"rendered":"Folding awning + walls 270 OFD GEN2"},"content":{"rendered":"<ul>\n<li>Markiza\n<ul>\n<li>Wykonana z poliestru 420D z pow\u0142ok\u0105 PU<\/li>\n<li>Montowana na lewej stronie pojazdu<\/li>\n<li>Aluminiowa rama, elementy pomalowane proszkowo na kolor czarny<\/li>\n<li>Aluminiowe ramiona z T-Slotem, utrzymuj\u0105ce markiz\u0119<\/li>\n<li>Futera\u0142 zabezpieczaj\u0105cy konstrukcj\u0119 na co dzie\u0144<\/li>\n<li>Rozk\u0142ada si\u0119 na 270 stopni<\/li>\n<li>Markiza samono\u015bna, po roz\u0142o\u017ceniu nie wymaga dodatkowej podpory<\/li>\n<li>Elementy konstrukcyjne malowane na czarno<\/li>\n<li>Waga markizy: 18,8 kg<\/li>\n<\/ul>\n<\/li>\n<li>\u00a0\u015acianki\n<ul>\n<li>Wytrzyma\u0142y poliester 600D pokryty pow\u0142ok\u0105 poliuretanow\u0105<\/li>\n<li>Pomagaj\u0105 zapobiega\u0107 przedostawaniu si\u0119 brudu i owad\u00f3w do \u015brodka<\/li>\n<li>Swobodny przep\u0142yw powietrza<\/li>\n<li>Szybkie i \u0142atwe mocowanie do markizy za pomoc\u0105 rzep\u00f3w<\/li>\n<li>Ka\u017cda \u015bciana jest oddzielnie mocowana za pomoc\u0105 rzep\u00f3w, oferuj\u0105c swobod\u0119 tworzenia dowolnej konfiguracji<\/li>\n<li>\u015aciany mo\u017cna \u0142\u0105czy\u0107 ze sob\u0105 za pomoc\u0105 zamka b\u0142yskawicznego<\/li>\n<li>Wbudowane moskitiery<\/li>\n<li>\u015acianki mo\u017cna \u0142atwo roz\u0142o\u017cy\u0107, niezale\u017cnie od wysoko\u015bci pojazdu<\/li>\n<li>Zestaw zawiera cztery n\u00f3\u017cki o regulowanej wysoko\u015bci i \u015bledzie, zapewniaj\u0105ce stabilno\u015b\u0107 w ka\u017cdych warunkach<\/li>\n<li>Pe\u0142na prywatno\u015b\u0107 dzi\u0119ki wewn\u0119trznym \u015bciankom otaczaj\u0105cym samoch\u00f3d<\/li>\n<li>Wzmocnienia w kluczowych punktach gwarantuj\u0105 trwa\u0142o\u015b\u0107<\/li>\n<\/ul>\n<\/li>\n<\/ul>\n<p><strong>W zestawie:<\/strong><\/p>\n<ul>\n<li>Markiza<\/li>\n<li>Futera\u0142 chroni\u0105cy markiz\u0119 podczas jazdy<\/li>\n<li>Pasek LED mocowany na rzepy<\/li>\n<li>\u015acianka z drzwiami wyposa\u017cona w odczepian\u0105 moskitier\u0119<\/li>\n<li>(2) \u015acianka z oknem z moskitier\u0105<\/li>\n<li>(3) \u015acianka<\/li>\n<li>(4) Regulowana n\u00f3\u017cka<\/li>\n<li>Pokrowce na \u015bcianki i n\u00f3\u017cki w kolorze khaki<\/li>\n<li>\u015aledzie<\/li>\n<li>Zestaw monta\u017cowy<\/li>\n<\/ul>\n<p><strong>Uwagi:<\/strong><\/p>\n<ul>\n<li>Do baga\u017cnik\u00f3w dachowych OFD polecamy u\u017cycie mocowa\u0144 (OFDAWNBRKT)<\/li>\n<li>Dodatkowy pasek ledowy oraz mocowanie dost\u0119pne s\u0105 r\u00f3wnie\u017c oddzielnie w sprzeda\u017cy<\/li>\n<li>Je\u015bli chcesz pozna\u0107 wi\u0119cej szczeg\u00f3\u0142\u00f3w, mo\u017cesz zobaczy\u0107 nasz\u0105 recenzj\u0119 na blogu! <a href=\"https:\/\/blog.offroad-express.com\/pl\/recenzje\/markiza-270-ofd-recenzja-akcesoria-offroad\">[KLIKNIJ TUTAJ]<\/a><\/li>\n<\/ul>\n<hr \/>\n<p><strong>Wymiary markizy:<\/strong><\/p>\n<p><img decoding=\"async\" src=\"https:\/\/offroad-express.com\/img\/cms\/Dimensions.jpg\" alt=\"width=\" height=\"580\" \/><\/p>\n","protected":false},"excerpt":{"rendered":"<p>Markiza Wykonana z poliestru 420D z pow\u0142ok\u0105 PU Montowana na lewej stronie pojazdu Aluminiowa rama, elementy pomalowane proszkowo na kolor czarny Aluminiowe ramiona z T-Slotem, utrzymuj\u0105ce markiz\u0119 Futera\u0142 zabezpieczaj\u0105cy konstrukcj\u0119 na co dzie\u0144 Rozk\u0142ada si\u0119 na 270 stopni Markiza samono\u015bna, po roz\u0142o\u017ceniu nie wymaga dodatkowej podpory Elementy konstrukcyjne malowane na czarno Waga markizy: 18,8 kg<\/p>\n<div class=\"klb-readmore button\"><a class=\"btn link\" href=\"https:\/\/xtreme4x4.pl\/en\/product\/skladana-markiza-scianki-270-ofd-gen2\/\">Read More <i class=\"klbth-icon-right-arrow\"><\/i><\/a><\/div>","protected":false},"featured_media":57080,"template":"","meta":[],"product_brand":[],"product_cat":[6568,568],"product_tag":[],"class_list":["post-14415","product","type-product","status-publish","has-post-thumbnail","product_cat-markizy-outdoor-69","product_cat-markizy","first","instock","sale","shipping-taxable","purchasable","product-type-simple"],"yoast_head":"<!-- This site is optimized with the Yoast SEO plugin v28.4 - https:\/\/yoast.com\/product\/yoast-seo-wordpress\/ -->\n<title>Sk\u0142adana markiza + \u015bcianki 270 OFD GEN2 - Sklep Xtreme 4x4<\/title>\n<meta name=\"description\" content=\"Sk\u0142adana markiza + \u015bcianki 270 OFD GEN2 do kupienia w naszym sklepie. Sprawd\u017a!\" \/>\n<meta name=\"robots\" content=\"index, follow, max-snippet:-1, max-image-preview:large, max-video-preview:-1\" \/>\n<link rel=\"canonical\" href=\"https:\/\/xtreme4x4.pl\/en\/product\/skladana-markiza-scianki-270-ofd-gen2\/\" \/>\n<meta property=\"og:locale\" content=\"en_GB\" \/>\n<meta property=\"og:type\" content=\"article\" \/>\n<meta property=\"og:title\" content=\"Sk\u0142adana markiza + \u015bcianki 270 OFD GEN2 - Sklep Xtreme 4x4\" \/>\n<meta property=\"og:description\" content=\"Sk\u0142adana markiza + \u015bcianki 270 OFD GEN2 do kupienia w naszym sklepie. Sprawd\u017a!\" \/>\n<meta property=\"og:url\" content=\"https:\/\/xtreme4x4.pl\/en\/product\/skladana-markiza-scianki-270-ofd-gen2\/\" \/>\n<meta property=\"og:site_name\" content=\"Xtreme 4x4\" \/>\n<meta property=\"article:modified_time\" content=\"2026-04-16T11:23:54+00:00\" \/>\n<meta property=\"og:image\" content=\"https:\/\/xtreme4x4.pl\/wp-content\/uploads\/2026\/03\/skladana-markiza-scianki-270-ofd-gen2.jpg\" \/>\n\t<meta property=\"og:image:width\" content=\"1000\" \/>\n\t<meta property=\"og:image:height\" content=\"1000\" \/>\n\t<meta property=\"og:image:type\" content=\"image\/jpeg\" \/>\n<script type=\"application\/ld+json\" class=\"yoast-schema-graph\">{\"@context\":\"https:\\\/\\\/schema.org\",\"@graph\":[{\"@type\":\"WebPage\",\"@id\":\"https:\\\/\\\/xtreme4x4.pl\\\/produkt\\\/skladana-markiza-scianki-270-ofd-gen2\\\/\",\"url\":\"https:\\\/\\\/xtreme4x4.pl\\\/produkt\\\/skladana-markiza-scianki-270-ofd-gen2\\\/\",\"name\":\"Sk\u0142adana markiza + \u015bcianki 270 OFD GEN2 - Sklep Xtreme 4x4\",\"isPartOf\":{\"@id\":\"https:\\\/\\\/xtreme4x4.pl\\\/#website\"},\"primaryImageOfPage\":{\"@id\":\"https:\\\/\\\/xtreme4x4.pl\\\/produkt\\\/skladana-markiza-scianki-270-ofd-gen2\\\/#primaryimage\"},\"image\":{\"@id\":\"https:\\\/\\\/xtreme4x4.pl\\\/produkt\\\/skladana-markiza-scianki-270-ofd-gen2\\\/#primaryimage\"},\"thumbnailUrl\":\"https:\\\/\\\/xtreme4x4.pl\\\/wp-content\\\/uploads\\\/2026\\\/03\\\/skladana-markiza-scianki-270-ofd-gen2.jpg\",\"datePublished\":\"2026-03-20T00:36:44+00:00\",\"dateModified\":\"2026-04-16T11:23:54+00:00\",\"description\":\"Sk\u0142adana markiza + \u015bcianki 270 OFD GEN2 do kupienia w naszym sklepie. Sprawd\u017a!\",\"breadcrumb\":{\"@id\":\"https:\\\/\\\/xtreme4x4.pl\\\/produkt\\\/skladana-markiza-scianki-270-ofd-gen2\\\/#breadcrumb\"},\"inLanguage\":\"en-GB\",\"potentialAction\":[{\"@type\":\"ReadAction\",\"target\":[\"https:\\\/\\\/xtreme4x4.pl\\\/produkt\\\/skladana-markiza-scianki-270-ofd-gen2\\\/\"]}]},{\"@type\":\"ImageObject\",\"inLanguage\":\"en-GB\",\"@id\":\"https:\\\/\\\/xtreme4x4.pl\\\/produkt\\\/skladana-markiza-scianki-270-ofd-gen2\\\/#primaryimage\",\"url\":\"https:\\\/\\\/xtreme4x4.pl\\\/wp-content\\\/uploads\\\/2026\\\/03\\\/skladana-markiza-scianki-270-ofd-gen2.jpg\",\"contentUrl\":\"https:\\\/\\\/xtreme4x4.pl\\\/wp-content\\\/uploads\\\/2026\\\/03\\\/skladana-markiza-scianki-270-ofd-gen2.jpg\",\"width\":1000,\"height\":1000},{\"@type\":\"BreadcrumbList\",\"@id\":\"https:\\\/\\\/xtreme4x4.pl\\\/produkt\\\/skladana-markiza-scianki-270-ofd-gen2\\\/#breadcrumb\",\"itemListElement\":[{\"@type\":\"ListItem\",\"position\":1,\"name\":\"Strona g\u0142\u00f3wna\",\"item\":\"https:\\\/\\\/xtreme4x4.pl\\\/\"},{\"@type\":\"ListItem\",\"position\":2,\"name\":\"Sklep\",\"item\":\"https:\\\/\\\/xtreme4x4.pl\\\/sklep\\\/\"},{\"@type\":\"ListItem\",\"position\":3,\"name\":\"Sk\u0142adana markiza + \u015bcianki 270 OFD GEN2\"}]},{\"@type\":\"WebSite\",\"@id\":\"https:\\\/\\\/xtreme4x4.pl\\\/#website\",\"url\":\"https:\\\/\\\/xtreme4x4.pl\\\/\",\"name\":\"Xtreme 4x4\",\"description\":\"\",\"potentialAction\":[{\"@type\":\"SearchAction\",\"target\":{\"@type\":\"EntryPoint\",\"urlTemplate\":\"https:\\\/\\\/xtreme4x4.pl\\\/?s={search_term_string}\"},\"query-input\":{\"@type\":\"PropertyValueSpecification\",\"valueRequired\":true,\"valueName\":\"search_term_string\"}}],\"inLanguage\":\"en-GB\"}]}<\/script>\n<!-- \/ Yoast SEO plugin. -->","yoast_head_json":{"title":"Sk\u0142adana markiza + \u015bcianki 270 OFD GEN2 - Sklep Xtreme 4x4","description":"Sk\u0142adana markiza + \u015bcianki 270 OFD GEN2 do kupienia w naszym sklepie. Sprawd\u017a!","robots":{"index":"index","follow":"follow","max-snippet":"max-snippet:-1","max-image-preview":"max-image-preview:large","max-video-preview":"max-video-preview:-1"},"canonical":"https:\/\/xtreme4x4.pl\/en\/product\/skladana-markiza-scianki-270-ofd-gen2\/","og_locale":"en_GB","og_type":"article","og_title":"Sk\u0142adana markiza + \u015bcianki 270 OFD GEN2 - Sklep Xtreme 4x4","og_description":"Sk\u0142adana markiza + \u015bcianki 270 OFD GEN2 do kupienia w naszym sklepie. Sprawd\u017a!","og_url":"https:\/\/xtreme4x4.pl\/en\/product\/skladana-markiza-scianki-270-ofd-gen2\/","og_site_name":"Xtreme 4x4","article_modified_time":"2026-04-16T11:23:54+00:00","og_image":[{"width":1000,"height":1000,"url":"https:\/\/xtreme4x4.pl\/wp-content\/uploads\/2026\/03\/skladana-markiza-scianki-270-ofd-gen2.jpg","type":"image\/jpeg"}],"schema":{"@context":"https:\/\/schema.org","@graph":[{"@type":"WebPage","@id":"https:\/\/xtreme4x4.pl\/produkt\/skladana-markiza-scianki-270-ofd-gen2\/","url":"https:\/\/xtreme4x4.pl\/produkt\/skladana-markiza-scianki-270-ofd-gen2\/","name":"Sk\u0142adana markiza + \u015bcianki 270 OFD GEN2 - Sklep Xtreme 4x4","isPartOf":{"@id":"https:\/\/xtreme4x4.pl\/#website"},"primaryImageOfPage":{"@id":"https:\/\/xtreme4x4.pl\/produkt\/skladana-markiza-scianki-270-ofd-gen2\/#primaryimage"},"image":{"@id":"https:\/\/xtreme4x4.pl\/produkt\/skladana-markiza-scianki-270-ofd-gen2\/#primaryimage"},"thumbnailUrl":"https:\/\/xtreme4x4.pl\/wp-content\/uploads\/2026\/03\/skladana-markiza-scianki-270-ofd-gen2.jpg","datePublished":"2026-03-20T00:36:44+00:00","dateModified":"2026-04-16T11:23:54+00:00","description":"Sk\u0142adana markiza + \u015bcianki 270 OFD GEN2 do kupienia w naszym sklepie. Sprawd\u017a!","breadcrumb":{"@id":"https:\/\/xtreme4x4.pl\/produkt\/skladana-markiza-scianki-270-ofd-gen2\/#breadcrumb"},"inLanguage":"en-GB","potentialAction":[{"@type":"ReadAction","target":["https:\/\/xtreme4x4.pl\/produkt\/skladana-markiza-scianki-270-ofd-gen2\/"]}]},{"@type":"ImageObject","inLanguage":"en-GB","@id":"https:\/\/xtreme4x4.pl\/produkt\/skladana-markiza-scianki-270-ofd-gen2\/#primaryimage","url":"https:\/\/xtreme4x4.pl\/wp-content\/uploads\/2026\/03\/skladana-markiza-scianki-270-ofd-gen2.jpg","contentUrl":"https:\/\/xtreme4x4.pl\/wp-content\/uploads\/2026\/03\/skladana-markiza-scianki-270-ofd-gen2.jpg","width":1000,"height":1000},{"@type":"BreadcrumbList","@id":"https:\/\/xtreme4x4.pl\/produkt\/skladana-markiza-scianki-270-ofd-gen2\/#breadcrumb","itemListElement":[{"@type":"ListItem","position":1,"name":"Strona g\u0142\u00f3wna","item":"https:\/\/xtreme4x4.pl\/"},{"@type":"ListItem","position":2,"name":"Sklep","item":"https:\/\/xtreme4x4.pl\/sklep\/"},{"@type":"ListItem","position":3,"name":"Sk\u0142adana markiza + \u015bcianki 270 OFD GEN2"}]},{"@type":"WebSite","@id":"https:\/\/xtreme4x4.pl\/#website","url":"https:\/\/xtreme4x4.pl\/","name":"Xtreme 4x4","description":"","potentialAction":[{"@type":"SearchAction","target":{"@type":"EntryPoint","urlTemplate":"https:\/\/xtreme4x4.pl\/?s={search_term_string}"},"query-input":{"@type":"PropertyValueSpecification","valueRequired":true,"valueName":"search_term_string"}}],"inLanguage":"en-GB"}]}},"_links":{"self":[{"href":"https:\/\/xtreme4x4.pl\/en\/wp-json\/wp\/v2\/product\/14415","targetHints":{"allow":["GET"]}}],"collection":[{"href":"https:\/\/xtreme4x4.pl\/en\/wp-json\/wp\/v2\/product"}],"about":[{"href":"https:\/\/xtreme4x4.pl\/en\/wp-json\/wp\/v2\/types\/product"}],"wp:featuredmedia":[{"embeddable":true,"href":"https:\/\/xtreme4x4.pl\/en\/wp-json\/wp\/v2\/media\/57080"}],"wp:attachment":[{"href":"https:\/\/xtreme4x4.pl\/en\/wp-json\/wp\/v2\/media?parent=14415"}],"wp:term":[{"taxonomy":"product_brand","embeddable":true,"href":"https:\/\/xtreme4x4.pl\/en\/wp-json\/wp\/v2\/product_brand?post=14415"},{"taxonomy":"product_cat","embeddable":true,"href":"https:\/\/xtreme4x4.pl\/en\/wp-json\/wp\/v2\/product_cat?post=14415"},{"taxonomy":"product_tag","embeddable":true,"href":"https:\/\/xtreme4x4.pl\/en\/wp-json\/wp\/v2\/product_tag?post=14415"}],"curies":[{"name":"wp","href":"https:\/\/api.w.org\/{rel}","templated":true}]}}